{"id":46,"date":"2015-02-02T16:09:06","date_gmt":"2015-02-02T15:09:06","guid":{"rendered":"https:\/\/diocesanos.es\/blogs\/leotic\/?page_id=46"},"modified":"2022-02-16T17:29:34","modified_gmt":"2022-02-16T16:29:34","slug":"plan-lector-de-1er-curso-de-primaria","status":"publish","type":"page","link":"https:\/\/diocesanos.es\/blogs\/leotic\/primero-primamos-primaria\/plan-lector-de-1er-curso-de-primaria\/","title":{"rendered":"1er. Curso de Primaria"},"content":{"rendered":"<table style=\"height: 210px\" width=\"452\">\n<tbody>\n<tr>\n<td style=\"border-color: #f2f2f2;background-color: #f2f2f2\"><a href=\"https:\/\/diocesanos.es\/blogs\/leotic\/wp-content\/uploads\/sites\/17\/2015\/02\/Acentos.png\"><img loading=\"lazy\" decoding=\"async\" class=\"alignnone size-full wp-image-26\" src=\"https:\/\/diocesanos.es\/blogs\/leotic\/wp-content\/uploads\/sites\/17\/2015\/02\/Acentos.png\" alt=\"Acentos\" width=\"167\" height=\"195\"><\/a><\/td>\n<td style=\"border-color: #f2f2f2;background-color: #f2f2f2\">\n<h1><\/h1>\n<h1>\u00abLee y aprender\u00e1s\u00bb<\/h1>\n<\/td>\n<\/tr>\n<\/tbody>\n<\/table>\n<p><!--more--><\/p>\n<p style=\"text-align: center\"><span style=\"text-decoration: underline\"><strong><a href=\"#0\"><img loading=\"lazy\" decoding=\"async\" class=\"  wp-image-966 aligncenter\" src=\"https:\/\/diocesanos.es\/blogs\/leotic\/wp-content\/uploads\/sites\/17\/2015\/02\/down.png\" alt=\"up\" width=\"34\" height=\"34\"><\/a><\/strong><\/span><a href=\"https:\/\/diocesanos.es\/blogs\/leotic\/wp-content\/uploads\/sites\/17\/2015\/02\/up.png\">Indice<\/a><\/p>\n<p>&nbsp;<\/p>\n<p style=\"text-align: justify\">Los alumn@s de primer curso de Educaci\u00f3n Primaria se inician en el desarrollo de la competencia comunicativa con sus habilidades que les acompa\u00f1ar\u00e1n tanto a lo largo de su vida escolar, al acercarles a la adquisici\u00f3n de los dem\u00e1s aprendizajes, como de su vida social al permitirles una adecuada interacci\u00f3n en m\u00faltiples contextos sociales.<\/p>\n<p style=\"text-align: justify\">A trav\u00e9s de las asignaturas de <em>lengua castellana e inglesa&nbsp;<\/em>adquieren los distintos conocimientos, elaboran sus pensamientos y se relacionan con el entorno. Por lo tanto, las destrezas en la lectura y la escritura en estas lenguas son fundamentales. Por ello toma gran relevancia guiarles en este proceso, proporcion\u00e1ndoles una selecci\u00f3n de textos que contribuyan tanto a despertar su inter\u00e9s por la lectura como guiarles en el desarrollo de una lectura aut\u00f3noma.<\/p>\n<p style=\"text-align: justify\">Los libros recomendados en nuestro Plan Lector y los materiales propuestos para acompa\u00f1arlos est\u00e1n pensados para motivar a los alumn@s el gusto por la lectura y que la vayan incluyendo de forma aut\u00f3noma, seg\u00fan sus gustos personales.<\/p>\n<p style=\"text-align: justify\">Todos los libros estar\u00e1n acompa\u00f1ados de materiales variados como:<\/p>\n<p style=\"text-align: justify\"><span style=\"color: #0000ff\"><strong><em>Proyectos de lectura<\/em><\/strong><\/span> con propuestas de animaci\u00f3n y actividades fungibles (para antes, durante y despu\u00e9s de la lectura) enfocadas a consolidar las estrategias de comprensi\u00f3n lectora.<br \/>\n<span style=\"color: #0000ff\"><strong><em>Taller de escritur<\/em>a<\/strong><\/span> con actividades para elaborar distintos tipos de texto, fomentar el pensamiento creativo y desarrollar el plan de escritura (planificaci\u00f3n, redacci\u00f3n del borrador, revisi\u00f3n, reescritura).<br \/>\n<span style=\"color: #0000ff\"><strong><em>Fichas de evaluaci\u00f3n<\/em><\/strong><\/span> para que el profesor o la profesora pueda evaluar el grado de adquisici\u00f3n que sus alumn@s van adquiriendo en los procesos de lectura y escritura.<br \/>\nTodos los libros est\u00e1n disponibles tambi\u00e9n en <span style=\"color: #0000ff\"><strong><em>formato e-book<\/em><\/strong><\/span>, para que los alumn@s se inicien en el manejo aut\u00f3nomo de las TIC.<\/p>\n<p>&nbsp;<\/p>\n<h2 style=\"text-align: center\"><a title=\"Real Academia Espa\u00f1ola\" href=\"http:\/\/www.rae.es\" target=\"_blank\" rel=\"noopener\"><img loading=\"lazy\" decoding=\"async\" class=\"  wp-image-410 aligncenter\" src=\"https:\/\/diocesanos.es\/blogs\/leotic\/wp-content\/uploads\/sites\/17\/2015\/02\/rae.gif\" alt=\"rae\" width=\"102\" height=\"162\"><\/a><\/h2>\n<p style=\"text-align: center\">&nbsp;<a title=\"Real Academia Espa\u00f1ola\" href=\"http:\/\/www.rae.es\" target=\"_blank\" rel=\"noopener\">Real Academia Espa\u00f1ola<\/a><\/p>\n<h3 style=\"text-align: center\">\u00abLimpia fija y da esplendor\u00bb<\/h3>\n<h2 style=\"text-align: center\"><\/h2>\n<hr style=\"color: #5959aa\" width=\"80%\" size=\"5\" noshade=\"noshade\" align=\"center\">\n<p>&nbsp;<\/p>\n<p style=\"text-align: center\"><span style=\"color: #000080\"><span style=\"font-size: xx-large\"><a id=\"0\"><\/a>\u00cdNDICE DE CONTENIDOS<\/span><\/span><\/p>\n<p>&nbsp;<\/p>\n<h2 style=\"text-align: left\"><span style=\"color: #000080\"><a style=\"color: #000080\" href=\"#1\">1.- Semana de la Lectura<\/a><\/span><br \/>\n<span style=\"color: #000080\"> <a style=\"color: #000080\" href=\"#2\">2.- Nuestros libros de Lectura<\/a><\/span><br \/>\n<span style=\"color: #000080\"> <a style=\"color: #000080\" href=\"#3\">3.- Conociendo a Platero<\/a><\/span><br \/>\n<span style=\"color: #000080\"> <a style=\"color: #000080\" href=\"#4\">4.- Lectura Eficaz<\/a><\/span><\/h2>\n<p>&nbsp;<\/p>\n<hr style=\"color: #5959aa\" width=\"50%\" size=\"5\" noshade=\"noshade\" align=\"center\">\n<p>&nbsp;<\/p>\n<h2 style=\"text-align: center\"><\/h2>\n<h2 style=\"text-align: center\"><a id=\"1\"><\/a>&nbsp;<span style=\"color: #333399\">ACTIVIDADES DE LA SEMANA DE LA LECTURA<\/span><\/h2>\n<h2 style=\"text-align: center\"><a href=\"https:\/\/diocesanos.es\/blogs\/leotic\/wp-content\/uploads\/sites\/17\/2015\/02\/cuento-hindu.jpg\"><img loading=\"lazy\" decoding=\"async\" class=\"  wp-image-1339 alignleft\" src=\"https:\/\/diocesanos.es\/blogs\/leotic\/wp-content\/uploads\/sites\/17\/2015\/02\/cuento-hindu-300x206.jpg\" alt=\"cuento hindu\" width=\"96\" height=\"66\" srcset=\"https:\/\/diocesanos.es\/blogs\/leotic\/wp-content\/uploads\/sites\/17\/2015\/02\/cuento-hindu-300x206.jpg 300w, https:\/\/diocesanos.es\/blogs\/leotic\/wp-content\/uploads\/sites\/17\/2015\/02\/cuento-hindu-335x230.jpg 335w, https:\/\/diocesanos.es\/blogs\/leotic\/wp-content\/uploads\/sites\/17\/2015\/02\/cuento-hindu.jpg 590w\" sizes=\"auto, (max-width: 96px) 100vw, 96px\" \/><\/a>&nbsp;&nbsp;&nbsp; <span style=\"color: #333399\">Ilustraci\u00f3n de un cuento hind\u00fa.<\/span><\/h2>\n<p>En primero somos verdaderos artistas, hemos escrito y dibujado, en trabajo cooperativo, la leyenda hind\u00fa: \u00bb El ser m\u00e1s poderoso del mundo\u00bb.<\/p>\n<h2 style=\"text-align: center\">&nbsp;Teatro:<\/h2>\n<h2 style=\"text-align: center\"><span style=\"color: #ffcc00\"> La historia divertida de los libros.&nbsp;<\/span><a href=\"http:\/\/webcache.googleusercontent.com\/search?q=cache:NuT3kxsivlsJ:www.albeos.org\/historia-divertida-del-libro+&amp;cd=8&amp;hl=es&amp;ct=clnk&amp;gl=es\"><img loading=\"lazy\" decoding=\"async\" class=\"  wp-image-1429 alignright\" src=\"https:\/\/diocesanos.es\/blogs\/leotic\/wp-content\/uploads\/sites\/17\/2015\/02\/historia-300x75.jpg\" alt=\"historia\" width=\"340\" height=\"85\" srcset=\"https:\/\/diocesanos.es\/blogs\/leotic\/wp-content\/uploads\/sites\/17\/2015\/02\/historia-300x75.jpg 300w, https:\/\/diocesanos.es\/blogs\/leotic\/wp-content\/uploads\/sites\/17\/2015\/02\/historia-540x135.jpg 540w, https:\/\/diocesanos.es\/blogs\/leotic\/wp-content\/uploads\/sites\/17\/2015\/02\/historia.jpg 550w\" sizes=\"auto, (max-width: 340px) 100vw, 340px\" \/><\/a><\/h2>\n<p>\u00bfSabremos ser buenos actores? Seguro que s\u00ed, y lo vamos a demostrar, representaremos la historia de los libros. Si os apetece pod\u00e9is leer el gui\u00f3n picando con el rat\u00f3n sobre el dibujo<\/p>\n<h2 style=\"text-align: center\"><span style=\"color: #993366\">&nbsp; &nbsp; &nbsp; &nbsp; &nbsp; &nbsp; &nbsp; &nbsp; &nbsp; &nbsp; &nbsp; &nbsp; &nbsp; &nbsp; &nbsp; &nbsp;Cuento viajero: Historias de Santa Teresa. &nbsp; &nbsp; &nbsp; &nbsp; &nbsp; &nbsp; &nbsp;&nbsp;<\/span><\/h2>\n<p><img loading=\"lazy\" decoding=\"async\" class=\"  wp-image-1314 alignleft\" src=\"https:\/\/diocesanos.es\/blogs\/leotic\/wp-content\/uploads\/sites\/17\/2015\/02\/SANTA-TERESA-213x300.jpg\" alt=\"SANTA TERESA\" width=\"134\" height=\"188\" srcset=\"https:\/\/diocesanos.es\/blogs\/leotic\/wp-content\/uploads\/sites\/17\/2015\/02\/SANTA-TERESA-213x300.jpg 213w, https:\/\/diocesanos.es\/blogs\/leotic\/wp-content\/uploads\/sites\/17\/2015\/02\/SANTA-TERESA-729x1024.jpg 729w, https:\/\/diocesanos.es\/blogs\/leotic\/wp-content\/uploads\/sites\/17\/2015\/02\/SANTA-TERESA-164x230.jpg 164w, https:\/\/diocesanos.es\/blogs\/leotic\/wp-content\/uploads\/sites\/17\/2015\/02\/SANTA-TERESA.jpg 905w\" sizes=\"auto, (max-width: 134px) 100vw, 134px\" \/><br \/>\nLos ni\u00f1os de primero nos vamos a convertir en peque\u00f1os escritores y entre todos los alumnos de la clase vamos a escribir y a dibujar sobre Santa Teresa.<\/p>\n<p>&nbsp;<\/p>\n<p>&nbsp;<\/p>\n<h3 style=\"text-align: center\"><span style=\"color: #993300\">&nbsp;El teatro en ingl\u00e9s.<\/span><\/h3>\n<p>Nos vamos a ver una representaci\u00f3n teatral titulada\u00bbWitches and <img loading=\"lazy\" decoding=\"async\" class=\"  wp-image-1345 alignright\" src=\"https:\/\/diocesanos.es\/blogs\/leotic\/wp-content\/uploads\/sites\/17\/2015\/02\/0-300x225.jpg\" alt=\"0\" width=\"156\" height=\"117\" srcset=\"https:\/\/diocesanos.es\/blogs\/leotic\/wp-content\/uploads\/sites\/17\/2015\/02\/0-300x225.jpg 300w, https:\/\/diocesanos.es\/blogs\/leotic\/wp-content\/uploads\/sites\/17\/2015\/02\/0-307x230.jpg 307w, https:\/\/diocesanos.es\/blogs\/leotic\/wp-content\/uploads\/sites\/17\/2015\/02\/0.jpg 480w\" sizes=\"auto, (max-width: 156px) 100vw, 156px\" \/>cookies\u00bb<\/p>\n<p>Va a ser muy divertido, seguro que aprenderemos mucho, nos reiremos y participaremos.<\/p>\n<p>&nbsp;<\/p>\n<p>&nbsp;<\/p>\n<h3 style=\"text-align: center\"><span style=\"color: #ffff00\"><b><span style=\"font-family: Verdana;font-size: large\"><span style=\"color: #00ff00\">GOLDILOCKS<\/span><a href=\"http:\/\/learnenglishkids.britishcouncil.org\/es\/short-stories\"><img loading=\"lazy\" decoding=\"async\" class=\"  wp-image-1410 alignleft\" src=\"https:\/\/diocesanos.es\/blogs\/leotic\/wp-content\/uploads\/sites\/17\/2015\/02\/ricitos-de-oro.png\" alt=\"ricitos-de-oro\" width=\"210\" height=\"165\"><\/a> <\/span><\/b><\/span><\/h3>\n<p>El ingl\u00e9s, no nos olvidamos de \u00e9l. Lectura de un cuento&nbsp; y dibujos relacionados con \u00e9l. \u00bfQuieres seguir leyendo?Pica sobre el dibujo y podr\u00e1s leer y escuchar muchos m\u00e1s cuentos.<\/p>\n<p>&nbsp;<\/p>\n<p>&nbsp;<\/p>\n<p>&nbsp;<\/p>\n<p style=\"text-align: center\"><span style=\"text-decoration: underline\"><strong><a href=\"#0\"><img loading=\"lazy\" decoding=\"async\" class=\"  wp-image-966 aligncenter\" src=\"https:\/\/diocesanos.es\/blogs\/leotic\/wp-content\/uploads\/sites\/17\/2015\/02\/up.png\" alt=\"up\" width=\"34\" height=\"34\"><\/a><\/strong><\/span><a href=\"https:\/\/diocesanos.es\/blogs\/leotic\/wp-content\/uploads\/sites\/17\/2015\/02\/up.png\">Indice<\/a><\/p>\n<h2 style=\"text-align: center\"><a id=\"2\"><\/a><span style=\"color: #333399\">NUESTROS LIBROS DE LECTURA.<a style=\"color: #333399\" href=\"https:\/\/diocesanos.es\/blogs\/leotic\/wp-content\/uploads\/sites\/17\/2015\/02\/Ensalada-de-letras.jpg\"><br \/>\n<\/a><\/span><\/h2>\n<p>&nbsp;<\/p>\n<table style=\"height: 304px;border-color: #F2F2F2;background-color: #f2f2f2\" width=\"562\" cellpadding=\"0\">\n<tbody>\n<tr>\n<td style=\"border-color: #f2f2f2;background-color: #f2f2f2\"><img loading=\"lazy\" decoding=\"async\" class=\"  wp-image-1325 alignleft\" src=\"https:\/\/diocesanos.es\/blogs\/leotic\/wp-content\/uploads\/sites\/17\/2015\/02\/El-puchero-del-tesoro-194x300.jpg\" alt=\"El puchero del tesoro\" width=\"124\" height=\"193\" srcset=\"https:\/\/diocesanos.es\/blogs\/leotic\/wp-content\/uploads\/sites\/17\/2015\/02\/El-puchero-del-tesoro-194x300.jpg 194w, https:\/\/diocesanos.es\/blogs\/leotic\/wp-content\/uploads\/sites\/17\/2015\/02\/El-puchero-del-tesoro-148x230.jpg 148w, https:\/\/diocesanos.es\/blogs\/leotic\/wp-content\/uploads\/sites\/17\/2015\/02\/El-puchero-del-tesoro.jpg 295w\" sizes=\"auto, (max-width: 124px) 100vw, 124px\" \/><\/td>\n<td style=\"border-color: #f2f2f2;background-color: #f2f2f2\"><\/td>\n<td style=\"border-color: #f2f2f2;background-color: #f2f2f2\" colspan=\"2\">&nbsp;<a href=\"https:\/\/diocesanos.es\/blogs\/leotic\/wp-content\/uploads\/sites\/17\/2015\/02\/El-regalo-de-cumplea\u00f1os-1.jpg\"><img loading=\"lazy\" decoding=\"async\" class=\"aligncenter  wp-image-1326\" src=\"https:\/\/diocesanos.es\/blogs\/leotic\/wp-content\/uploads\/sites\/17\/2015\/02\/El-regalo-de-cumplea\u00f1os-1-229x300.jpg\" alt=\"El regalo de cumplea\u00f1os 1\" width=\"122\" height=\"160\" srcset=\"https:\/\/diocesanos.es\/blogs\/leotic\/wp-content\/uploads\/sites\/17\/2015\/02\/El-regalo-de-cumplea\u00f1os-1-229x300.jpg 229w, https:\/\/diocesanos.es\/blogs\/leotic\/wp-content\/uploads\/sites\/17\/2015\/02\/El-regalo-de-cumplea\u00f1os-1-175x230.jpg 175w, https:\/\/diocesanos.es\/blogs\/leotic\/wp-content\/uploads\/sites\/17\/2015\/02\/El-regalo-de-cumplea\u00f1os-1.jpg 539w\" sizes=\"auto, (max-width: 122px) 100vw, 122px\" \/><\/a><\/td>\n<\/tr>\n<tr>\n<td style=\"border-color: #f2f2f2;background-color: #f2f2f2\"><\/td>\n<td style=\"border-color: #f2f2f2;background-color: #f2f2f2\"><img loading=\"lazy\" decoding=\"async\" class=\"aligncenter  wp-image-1327\" src=\"https:\/\/diocesanos.es\/blogs\/leotic\/wp-content\/uploads\/sites\/17\/2015\/02\/Ensalada-de-letras-212x300.jpg\" alt=\"Ensalada de letras\" width=\"124\" height=\"175\" srcset=\"https:\/\/diocesanos.es\/blogs\/leotic\/wp-content\/uploads\/sites\/17\/2015\/02\/Ensalada-de-letras-212x300.jpg 212w, https:\/\/diocesanos.es\/blogs\/leotic\/wp-content\/uploads\/sites\/17\/2015\/02\/Ensalada-de-letras-163x230.jpg 163w, https:\/\/diocesanos.es\/blogs\/leotic\/wp-content\/uploads\/sites\/17\/2015\/02\/Ensalada-de-letras.jpg 323w\" sizes=\"auto, (max-width: 124px) 100vw, 124px\" \/><\/td>\n<td style=\"border-color: #f2f2f2;background-color: #f2f2f2\"><\/td>\n<\/tr>\n<tr>\n<td style=\"border-color: #f2f2f2;background-color: #f2f2f2\"><a href=\"https:\/\/diocesanos.es\/blogs\/leotic\/wp-content\/uploads\/sites\/17\/2015\/02\/el-libro-de-borja-y-pancete.jpg\"><img loading=\"lazy\" decoding=\"async\" class=\"aligncenter  wp-image-1328\" src=\"https:\/\/diocesanos.es\/blogs\/leotic\/wp-content\/uploads\/sites\/17\/2015\/02\/el-libro-de-borja-y-pancete-226x300.jpg\" alt=\"el libro de borja y pancete\" width=\"121\" height=\"160\" srcset=\"https:\/\/diocesanos.es\/blogs\/leotic\/wp-content\/uploads\/sites\/17\/2015\/02\/el-libro-de-borja-y-pancete-226x300.jpg 226w, https:\/\/diocesanos.es\/blogs\/leotic\/wp-content\/uploads\/sites\/17\/2015\/02\/el-libro-de-borja-y-pancete-770x1024.jpg 770w, https:\/\/diocesanos.es\/blogs\/leotic\/wp-content\/uploads\/sites\/17\/2015\/02\/el-libro-de-borja-y-pancete-173x230.jpg 173w, https:\/\/diocesanos.es\/blogs\/leotic\/wp-content\/uploads\/sites\/17\/2015\/02\/el-libro-de-borja-y-pancete.jpg 1203w\" sizes=\"auto, (max-width: 121px) 100vw, 121px\" \/><\/a><\/td>\n<td style=\"border-color: #f2f2f2;background-color: #f2f2f2\"><\/td>\n<td style=\"border-color: #f2f2f2;background-color: #f2f2f2\"><img loading=\"lazy\" decoding=\"async\" class=\"aligncenter  wp-image-1329\" src=\"https:\/\/diocesanos.es\/blogs\/leotic\/wp-content\/uploads\/sites\/17\/2015\/02\/20140911_00008.jpg\" alt=\"20140911_00008\" width=\"180\" height=\"180\" srcset=\"https:\/\/diocesanos.es\/blogs\/leotic\/wp-content\/uploads\/sites\/17\/2015\/02\/20140911_00008.jpg 280w, https:\/\/diocesanos.es\/blogs\/leotic\/wp-content\/uploads\/sites\/17\/2015\/02\/20140911_00008-150x150.jpg 150w, https:\/\/diocesanos.es\/blogs\/leotic\/wp-content\/uploads\/sites\/17\/2015\/02\/20140911_00008-230x230.jpg 230w\" sizes=\"auto, (max-width: 180px) 100vw, 180px\" \/><\/td>\n<\/tr>\n<\/tbody>\n<\/table>\n<p>&nbsp;<\/p>\n<table style=\"height: 56px\" width=\"791\">\n<tbody>\n<tr>\n<td style=\"border-color: #f2f2f2;background-color: #f2f2f2\"><a href=\"https:\/\/familiaycole.files.wordpress.com\/2013\/09\/metodo-lectoescritura.pdf\"><img loading=\"lazy\" decoding=\"async\" class=\"details-image alignleft\" src=\"https:\/\/diocesanos.es\/blogs\/leotic\/wp-content\/uploads\/sites\/17\/2015\/02\/icono4.png\" alt=\"\" width=\"73\" height=\"112\"><\/a><\/p>\n<p style=\"text-align: justify\"><em><strong><a href=\"https:\/\/familiaycole.files.wordpress.com\/2013\/09\/metodo-lectoescritura.pdf\">ficha de lectura<\/a>&nbsp;<\/strong><\/em> Haciendo<b><i>&nbsp;click&nbsp;<\/i><\/b>sobre el enlace tendr\u00e9is acceso a muchas actividades de lectoescritura en formato pdf que podr\u00e9is imprimir y realizar. \u00a1\u00c1nimo! s\u00e1cale provecho a este recurso.<\/p>\n<\/td>\n<\/tr>\n<\/tbody>\n<\/table>\n<table style=\"height: 147px\" width=\"791\">\n<tbody>\n<tr>\n<td style=\"text-align: justify;border-color: #f2f2f2;background-color: #f2f2f2\"><strong class=\"last-child first-child\"><a class=\"last-child\" href=\"http:\/\/sonandocuentos.blogspot.com.es\/\" target=\"_blank\" rel=\"noopener\"><span class=\"last-child first-child\">So\u00f1ando cuentos: <\/span><\/a><\/strong>Creado por tres docentes de Educaci\u00f3n Infantil, uno de&nbsp;sus prop\u00f3sitos&nbsp;es &nbsp;\u2018acercar a otros maestros y maestras aquellos libros que d\u00eda a d\u00eda utilizamos en nuestras aulas y que consideramos tienen alg\u00fan tipo de valor, sobre todo did\u00e1ctico\u2019. Junto a las lecturas que trabajan y sugieren, se han&nbsp;a\u00f1adido otros links de inter\u00e9s con consejos para trabajar (por ejemplo) la importancia de la lectura en voz alta (a muchos estudiantes, en ocasiones, les da verg\u00fcenza) o qu\u00e9 es lo que hay que hacer para convertirse en un buen lector.<\/td>\n<\/tr>\n<\/tbody>\n<\/table>\n<table style=\"height: 201px\" width=\"727\">\n<tbody>\n<tr>\n<td style=\"border-color: #f2f2f2;background-color: #f2f2f2\"><a class=\"last-child\" href=\"http:\/\/enrique2000000.over-blog.es\/\" target=\"_blank\" rel=\"noopener\"><img loading=\"lazy\" decoding=\"async\" class=\"  wp-image-18948 last-child first-child alignright\" src=\"http:\/\/www.educaciontrespuntocero.com\/wp-content\/uploads\/2014\/02\/quetendra_laprincesa.jpg\" alt=\"Blog \u00bfQu\u00e9 tendr\u00e1 la princesa?\" width=\"316\" height=\"187\"><\/a><strong class=\"first-child\"><a class=\"last-child\" href=\"http:\/\/quetendralaprincesa.blogspot.com.es\/\" target=\"_blank\" rel=\"noopener\"><span class=\"last-child first-child\">\u00bfQu\u00e9 tendr\u00e1 la princesa? <\/span><\/a><\/strong>La autora de este blog es Dolores, maestra de Primaria y responsable de la biblioteca escolar del <a class=\"last-child\" href=\"http:\/\/enrique2000000.over-blog.es\/\" target=\"_blank\" rel=\"noopener\"><span class=\"last-child first-child\"><strong class=\"last-child first-child\">CEIP Fer<\/strong><\/span><span class=\"last-child first-child\"><strong class=\"last-child first-child\">r\u00e1ndez Cruz<\/strong> <\/span><\/a>de la localidad alicantina de Elche. En \u00e9l, se pueden consultar las actividades relacionadas con la lectura que realiza con sus alumnos. Adem\u00e1s, ha incluido un espacio con p\u00e1ginas de inter\u00e9s relacionadas con la literatura infantil, lecturas recomendadas\u2026<\/td>\n<\/tr>\n<\/tbody>\n<\/table>\n<p style=\"text-align: center\"><span style=\"text-decoration: underline\"><strong><a href=\"#0\"><img loading=\"lazy\" decoding=\"async\" class=\"  wp-image-966 aligncenter\" src=\"https:\/\/diocesanos.es\/blogs\/leotic\/wp-content\/uploads\/sites\/17\/2015\/02\/up.png\" alt=\"up\" width=\"34\" height=\"34\"><\/a><\/strong><\/span><a href=\"https:\/\/diocesanos.es\/blogs\/leotic\/wp-content\/uploads\/sites\/17\/2015\/02\/up.png\">Indice<\/a><\/p>\n<p>&nbsp;<\/p>\n<h1 style=\"text-align: center\"><a id=\"3\"><\/a>&nbsp;<span style=\"color: #333399\">Conociendo a Platero<\/span><\/h1>\n<p style=\"text-align: justify\"><a href=\"http:\/\/www.juntadeandalucia.es\/averroes\/ricardoleon\/trabajostic06\/platero\/platero\/pc.html\"><img loading=\"lazy\" decoding=\"async\" class=\"  wp-image-823 alignleft\" src=\"https:\/\/diocesanos.es\/blogs\/leotic\/wp-content\/uploads\/sites\/17\/2015\/03\/platero01-300x219.png\" alt=\"platero01\" width=\"178\" height=\"130\" srcset=\"https:\/\/diocesanos.es\/blogs\/leotic\/wp-content\/uploads\/sites\/17\/2015\/03\/platero01-300x219.png 300w, https:\/\/diocesanos.es\/blogs\/leotic\/wp-content\/uploads\/sites\/17\/2015\/03\/platero01-315x230.png 315w, https:\/\/diocesanos.es\/blogs\/leotic\/wp-content\/uploads\/sites\/17\/2015\/03\/platero01.png 373w\" sizes=\"auto, (max-width: 178px) 100vw, 178px\" \/><\/a>Haciendo click en la imagen podr\u00e9is conocer algunas de las aventuras que Juan Ram\u00f3n Jim\u00e9nez nos relata sobre el borriquito Platero. Gracias a obras como Platero y Yo, Juan Ram\u00f3n Jim\u00e9nez consigui\u00f3 el premio nobel de literatura en el a\u00f1o 1964, siendo uno de los pocos autores espa\u00f1oles que lo han conseguido. \u00a1entra en la p\u00e1gina! y con sus actividades comprobar\u00e1s lo divertida que es la historia del borriquillo Platero.<\/p>\n<p style=\"text-align: center\"><span style=\"text-decoration: underline\"><strong><a href=\"#0\"><img loading=\"lazy\" decoding=\"async\" class=\"  wp-image-966 aligncenter\" src=\"https:\/\/diocesanos.es\/blogs\/leotic\/wp-content\/uploads\/sites\/17\/2015\/02\/up.png\" alt=\"up\" width=\"34\" height=\"34\"><\/a><\/strong><\/span><a href=\"https:\/\/diocesanos.es\/blogs\/leotic\/wp-content\/uploads\/sites\/17\/2015\/02\/up.png\">Indice<\/a><\/p>\n<h1 style=\"text-align: center\"><a id=\"4\"><\/a><span style=\"color: #ff6600\"><span style=\"color: #333399\"><strong>Lectura Eficaz<\/strong><\/span><\/span><\/h1>\n<p style=\"text-align: left\"><a href=\"https:\/\/diocesanos.es\/blogs\/leotic\/?attachment_id=887\" rel=\"attachment wp-att-887\"><img loading=\"lazy\" decoding=\"async\" class=\" size-full wp-image-887 alignleft\" src=\"https:\/\/diocesanos.es\/blogs\/leotic\/wp-content\/uploads\/sites\/17\/2015\/03\/libro-1.jpg\" alt=\"libro 1\" width=\"198\" height=\"296\" srcset=\"https:\/\/diocesanos.es\/blogs\/leotic\/wp-content\/uploads\/sites\/17\/2015\/03\/libro-1.jpg 198w, https:\/\/diocesanos.es\/blogs\/leotic\/wp-content\/uploads\/sites\/17\/2015\/03\/libro-1-154x230.jpg 154w\" sizes=\"auto, (max-width: 198px) 100vw, 198px\" \/><\/a><\/p>\n<p>&nbsp;<\/p>\n<p>&nbsp;<\/p>\n<p>Dani sue\u00f1a cuando est\u00e1 despierto, imaginando cosas que le parece que son de verdad. Un d\u00eda so\u00f1\u00f3 que el viento empujaba su paraguas hacia arriba y que \u00e9l volaba. Su paraguas era \u00a1un parasubidas! \u00a1Y qu\u00e9 emoci\u00f3n! Vol\u00f3 sobre la ciudad, sobre el mar y sobre el desierto; se hizo amigo de un ni\u00f1o barquero, y hasta un cocodrilito s&nbsp;e subi\u00f3 a su pierna, y all\u00ed se durmi\u00f3. Este libro trata de sue\u00f1os, de aventuras y de amistad.&nbsp; &nbsp; &nbsp; &nbsp; &nbsp; &nbsp; &nbsp; &nbsp; &nbsp; &nbsp; &nbsp; &nbsp; &nbsp; &nbsp; &nbsp; &nbsp; &nbsp; &nbsp; &nbsp; &nbsp; &nbsp; &nbsp; &nbsp; &nbsp; &nbsp; &nbsp; &nbsp; &nbsp; &nbsp; &nbsp; &nbsp; &nbsp; &nbsp; &nbsp; &nbsp; &nbsp; &nbsp; &nbsp; &nbsp; &nbsp; &nbsp; &nbsp; &nbsp; &nbsp; &nbsp; &nbsp; &nbsp; &nbsp; &nbsp; &nbsp; &nbsp; &nbsp; &nbsp; &nbsp; &nbsp; &nbsp; &nbsp; &nbsp; &nbsp; &nbsp; &nbsp; &nbsp; &nbsp; &nbsp; &nbsp; &nbsp; &nbsp; &nbsp; &nbsp; &nbsp; &nbsp; &nbsp; &nbsp; &nbsp; &nbsp; &nbsp; &nbsp; &nbsp; &nbsp; &nbsp; &nbsp; &nbsp; &nbsp; &nbsp; &nbsp; &nbsp; &nbsp; &nbsp; &nbsp; &nbsp; &nbsp; &nbsp; &nbsp; &nbsp; &nbsp; &nbsp; &nbsp; &nbsp; &nbsp; &nbsp; &nbsp; &nbsp; &nbsp; &nbsp; &nbsp; &nbsp; &nbsp; &nbsp; &nbsp; &nbsp; &nbsp; &nbsp; &nbsp; &nbsp; &nbsp; &nbsp; &nbsp; &nbsp; &nbsp; &nbsp; &nbsp; &nbsp; &nbsp; &nbsp; &nbsp; &nbsp; &nbsp; &nbsp; &nbsp; &nbsp; &nbsp; &nbsp; &nbsp; &nbsp; &nbsp; &nbsp;<img loading=\"lazy\" decoding=\"async\" class=\"  wp-image-888 alignright\" src=\"https:\/\/diocesanos.es\/blogs\/leotic\/wp-content\/uploads\/sites\/17\/2015\/03\/libro-1c-216x300.jpg\" alt=\"libro 1c\" width=\"115\" height=\"159\" srcset=\"https:\/\/diocesanos.es\/blogs\/leotic\/wp-content\/uploads\/sites\/17\/2015\/03\/libro-1c-216x300.jpg 216w, https:\/\/diocesanos.es\/blogs\/leotic\/wp-content\/uploads\/sites\/17\/2015\/03\/libro-1c-165x230.jpg 165w, https:\/\/diocesanos.es\/blogs\/leotic\/wp-content\/uploads\/sites\/17\/2015\/03\/libro-1c.jpg 248w\" sizes=\"auto, (max-width: 115px) 100vw, 115px\" \/><\/p>\n<p>&nbsp;<\/p>\n<p>&nbsp;<\/p>\n<p>&nbsp;<\/p>\n<p>&nbsp;<\/p>\n<p>&nbsp;<\/p>\n<p>&nbsp;<\/p>\n<p style=\"text-align: center\"><span style=\"text-decoration: underline\"><strong><a href=\"#0\"><img loading=\"lazy\" decoding=\"async\" class=\"  wp-image-966 aligncenter\" src=\"https:\/\/diocesanos.es\/blogs\/leotic\/wp-content\/uploads\/sites\/17\/2015\/02\/up.png\" alt=\"up\" width=\"34\" height=\"34\"><\/a><\/strong><\/span><a href=\"https:\/\/diocesanos.es\/blogs\/leotic\/wp-content\/uploads\/sites\/17\/2015\/02\/up.png\">Indice<\/a><\/p>\n","protected":false},"excerpt":{"rendered":"<p>\u00abLee y aprender\u00e1s\u00bb<\/p>\n","protected":false},"author":33,"featured_media":0,"parent":2350,"menu_order":1,"comment_status":"closed","ping_status":"closed","template":"","meta":{"footnotes":""},"class_list":["post-46","page","type-page","status-publish","hentry"],"_links":{"self":[{"href":"https:\/\/diocesanos.es\/blogs\/leotic\/wp-json\/wp\/v2\/pages\/46","targetHints":{"allow":["GET"]}}],"collection":[{"href":"https:\/\/diocesanos.es\/blogs\/leotic\/wp-json\/wp\/v2\/pages"}],"about":[{"href":"https:\/\/diocesanos.es\/blogs\/leotic\/wp-json\/wp\/v2\/types\/page"}],"author":[{"embeddable":true,"href":"https:\/\/diocesanos.es\/blogs\/leotic\/wp-json\/wp\/v2\/users\/33"}],"replies":[{"embeddable":true,"href":"https:\/\/diocesanos.es\/blogs\/leotic\/wp-json\/wp\/v2\/comments?post=46"}],"version-history":[{"count":1,"href":"https:\/\/diocesanos.es\/blogs\/leotic\/wp-json\/wp\/v2\/pages\/46\/revisions"}],"predecessor-version":[{"id":2354,"href":"https:\/\/diocesanos.es\/blogs\/leotic\/wp-json\/wp\/v2\/pages\/46\/revisions\/2354"}],"up":[{"embeddable":true,"href":"https:\/\/diocesanos.es\/blogs\/leotic\/wp-json\/wp\/v2\/pages\/2350"}],"wp:attachment":[{"href":"https:\/\/diocesanos.es\/blogs\/leotic\/wp-json\/wp\/v2\/media?parent=46"}],"curies":[{"name":"wp","href":"https:\/\/api.w.org\/{rel}","templated":true}]}}