{"id":134,"date":"2018-09-06T10:55:01","date_gmt":"2018-09-06T10:55:01","guid":{"rendered":"https:\/\/diocesanos.es\/blogs\/institutotecnologico\/?page_id=134"},"modified":"2018-09-06T10:55:50","modified_gmt":"2018-09-06T10:55:50","slug":"diseno-e-impresion-en-3d","status":"publish","type":"page","link":"https:\/\/diocesanos.es\/blogs\/institutotecnologico\/diseno-e-impresion-en-3d\/","title":{"rendered":"Dise\u00f1o e impresi\u00f3n en 3D"},"content":{"rendered":"<ul>\n<li><strong>Destinatarios:<\/strong> Alumnos de Primaria (4\u00ba a 6\u00ba curso) y Ed. Secundaria<\/li>\n<li><strong>Duraci\u00f3n:<\/strong> 1 hora a la semana en d\u00edas lectivos, desde el 01\/octubre\/2018 hasta el 31\/mayo\/2019. (en torno a 30 sesiones)<\/li>\n<li><strong>Cuota:<\/strong> 25\u20ac \/ mes<\/li>\n<li><strong>N\u00famero m\u00ednimo de alumnos:<\/strong> 9<\/li>\n<\/ul>\n<p>Este taller de introducci\u00f3n al modelado profesional y la impresi\u00f3n 3D ofrece un primer contacto con la creaci\u00f3n de un modelo tridimensional y su posterior impresi\u00f3n f\u00edsica en pl\u00e1stico PLA\/ABS con una impresora 3D de tecnolog\u00eda FDM.<\/p>\n<p>Se trabajan valores clave de aprendizaje: investigaci\u00f3n, modelado y dise\u00f1o de soluciones. Despierta el inter\u00e9s de los estudiantes en la ciencia convirti\u00e9ndola en algo real y relevante.<\/p>\n<table>\n<tbody>\n<tr>\n<td style=\"width: 118.433px;\"><img loading=\"lazy\" decoding=\"async\" class=\"alignnone size-thumbnail wp-image-62\" src=\"https:\/\/diocesanos.es\/blogs\/institutotecnologico\/wp-content\/uploads\/sites\/42\/2017\/09\/TinkerCAD-150x150.jpg\" alt=\"\" width=\"150\" height=\"150\" \/><\/td>\n<td style=\"width: 532.567px;\">Se utilizar\u00e1n diferentes programas de modelado e impresi\u00f3n basados en software libre para que puedan continuar en su casa.<\/p>\n<p>Visi\u00f3n general de los diferentes programas para configurar la impresora, prestando tambi\u00e9n atenci\u00f3n a las diferentes tecnolog\u00edas de impresi\u00f3n, FDM, SLA, SLS\u2026.<\/td>\n<\/tr>\n<tr>\n<td style=\"width: 118.433px;\"><img loading=\"lazy\" decoding=\"async\" class=\"alignnone size-thumbnail wp-image-135\" src=\"https:\/\/diocesanos.es\/blogs\/institutotecnologico\/wp-content\/uploads\/sites\/42\/2018\/09\/hephestos-150x150.jpeg\" alt=\"\" width=\"150\" height=\"150\" srcset=\"https:\/\/diocesanos.es\/blogs\/institutotecnologico\/wp-content\/uploads\/sites\/42\/2018\/09\/hephestos-150x150.jpeg 150w, https:\/\/diocesanos.es\/blogs\/institutotecnologico\/wp-content\/uploads\/sites\/42\/2018\/09\/hephestos-300x300.jpeg 300w, https:\/\/diocesanos.es\/blogs\/institutotecnologico\/wp-content\/uploads\/sites\/42\/2018\/09\/hephestos.jpeg 450w\" sizes=\"auto, (max-width: 150px) 85vw, 150px\" \/><\/td>\n<td style=\"width: 532.567px;\">Manejar\u00e1n los componentes de la impresora para entender por qu\u00e9 es capaz de fabricar en tres dimensiones y conocimiento de los diferentes materiales de impresi\u00f3n, PLA, ABS, HIPS, LAYWOOD (madera), PET, NYLON\u2026<\/p>\n<p>Se montar\u00e1 desde cero una impresora 3D para su uso en el taller.<\/td>\n<\/tr>\n<tr>\n<td style=\"width: 118.433px;\"><img loading=\"lazy\" decoding=\"async\" class=\"alignnone size-thumbnail wp-image-99\" src=\"https:\/\/diocesanos.es\/blogs\/institutotecnologico\/wp-content\/uploads\/sites\/42\/2017\/09\/Foto_Diario3-150x150.jpeg\" alt=\"\" width=\"150\" height=\"150\" \/><\/td>\n<td style=\"width: 532.567px;\">Dise\u00f1o e impresi\u00f3n de piezas que los alumnos fabricar\u00e1n y se llevar\u00e1n a casa.<\/td>\n<\/tr>\n<\/tbody>\n<\/table>\n<h2>Aspectos claves del aprendizaje:<\/h2>\n<ul>\n<li style=\"list-style-type: none\">\n<ul>\n<li>Explora tecnolog\u00eda y dise\u00f1o de ingenier\u00eda a trav\u00e9s de habilidades emergentes.<\/li>\n<li>Comunicar ideas, planificar y escuchar a los dem\u00e1s.<\/li>\n<li>Introduce en la investigaci\u00f3n de las funciones de las m\u00e1quinas y la resoluci\u00f3n de problemas.<\/li>\n<li>Explorar roles.<\/li>\n<li>Desarrolla habilidades motoras finas cada vez m\u00e1s complejas.<\/li>\n<li>Jugar y aprender en equipo.<\/li>\n<li>Manejo de herramientas.<\/li>\n<li>Fomento de la creatividad.<\/li>\n<li>Mejora la habilidad de comprensi\u00f3n.<\/li>\n<li>Desarrollo del pensamiento computacional.<\/li>\n<li>Facilita el pensamiento\u00a0l\u00f3gico &#8211; sist\u00e9mico<\/li>\n<\/ul>\n<\/li>\n<\/ul>\n","protected":false},"excerpt":{"rendered":"<p>Destinatarios: Alumnos de Primaria (4\u00ba a 6\u00ba curso) y Ed. Secundaria Duraci\u00f3n: 1 hora a la semana en d\u00edas lectivos, desde el 01\/octubre\/2018 hasta el 31\/mayo\/2019. (en torno a 30 sesiones) Cuota: 25\u20ac \/ mes N\u00famero m\u00ednimo de alumnos: 9 Este taller de introducci\u00f3n al modelado profesional y la impresi\u00f3n 3D ofrece un primer contacto &hellip; <a href=\"https:\/\/diocesanos.es\/blogs\/institutotecnologico\/diseno-e-impresion-en-3d\/\" class=\"more-link\">Continuar leyendo<span class=\"screen-reader-text\"> \u00abDise\u00f1o e impresi\u00f3n en 3D\u00bb<\/span><\/a><\/p>\n","protected":false},"author":292,"featured_media":0,"parent":0,"menu_order":0,"comment_status":"closed","ping_status":"closed","template":"","meta":{"footnotes":""},"class_list":["post-134","page","type-page","status-publish","hentry"],"_links":{"self":[{"href":"https:\/\/diocesanos.es\/blogs\/institutotecnologico\/wp-json\/wp\/v2\/pages\/134","targetHints":{"allow":["GET"]}}],"collection":[{"href":"https:\/\/diocesanos.es\/blogs\/institutotecnologico\/wp-json\/wp\/v2\/pages"}],"about":[{"href":"https:\/\/diocesanos.es\/blogs\/institutotecnologico\/wp-json\/wp\/v2\/types\/page"}],"author":[{"embeddable":true,"href":"https:\/\/diocesanos.es\/blogs\/institutotecnologico\/wp-json\/wp\/v2\/users\/292"}],"replies":[{"embeddable":true,"href":"https:\/\/diocesanos.es\/blogs\/institutotecnologico\/wp-json\/wp\/v2\/comments?post=134"}],"version-history":[{"count":2,"href":"https:\/\/diocesanos.es\/blogs\/institutotecnologico\/wp-json\/wp\/v2\/pages\/134\/revisions"}],"predecessor-version":[{"id":137,"href":"https:\/\/diocesanos.es\/blogs\/institutotecnologico\/wp-json\/wp\/v2\/pages\/134\/revisions\/137"}],"wp:attachment":[{"href":"https:\/\/diocesanos.es\/blogs\/institutotecnologico\/wp-json\/wp\/v2\/media?parent=134"}],"curies":[{"name":"wp","href":"https:\/\/api.w.org\/{rel}","templated":true}]}}